{"version":"1.0","provider_name":"Program Y - Education","provider_url":"https:\/\/edu.program-y.org\/sq\/","author_name":"zequester","author_url":"https:\/\/edu.program-y.org\/sq\/author\/zequester\/","title":"M\u00ebsimi 2: Kompetencat e edukator\u00ebve dhe leht\u00ebsuesve - Program Y - Education","type":"rich","width":600,"height":338,"html":"<blockquote class=\"wp-embedded-content\" data-secret=\"dI3UktZA03\"><a href=\"https:\/\/edu.program-y.org\/sq\/topic\/mesimi-2-kompetencat-e-edukatoreve-dhe-lehtesuesve\/\">M\u00ebsimi 2: Kompetencat e edukator\u00ebve dhe leht\u00ebsuesve<\/a><\/blockquote><iframe sandbox=\"allow-scripts\" security=\"restricted\" src=\"https:\/\/edu.program-y.org\/sq\/topic\/mesimi-2-kompetencat-e-edukatoreve-dhe-lehtesuesve\/embed\/#?secret=dI3UktZA03\" width=\"600\" height=\"338\" title=\"&#8220;M\u00ebsimi 2: Kompetencat e edukator\u00ebve dhe leht\u00ebsuesve&#8221; &#8212; Program Y - Education\" data-secret=\"dI3UktZA03\" frameborder=\"0\" marginwidth=\"0\" marginheight=\"0\" scrolling=\"no\" class=\"wp-embedded-content\"><\/iframe><script>\n\/*! This file is auto-generated *\/\n!function(d,l){\"use strict\";l.querySelector&&d.addEventListener&&\"undefined\"!=typeof URL&&(d.wp=d.wp||{},d.wp.receiveEmbedMessage||(d.wp.receiveEmbedMessage=function(e){var t=e.data;if((t||t.secret||t.message||t.value)&&!\/[^a-zA-Z0-9]\/.test(t.secret)){for(var s,r,n,a=l.querySelectorAll('iframe[data-secret=\"'+t.secret+'\"]'),o=l.querySelectorAll('blockquote[data-secret=\"'+t.secret+'\"]'),c=new RegExp(\"^https?:$\",\"i\"),i=0;i<o.length;i++)o[i].style.display=\"none\";for(i=0;i<a.length;i++)s=a[i],e.source===s.contentWindow&&(s.removeAttribute(\"style\"),\"height\"===t.message?(1e3<(r=parseInt(t.value,10))?r=1e3:~~r<200&&(r=200),s.height=r):\"link\"===t.message&&(r=new URL(s.getAttribute(\"src\")),n=new URL(t.value),c.test(n.protocol))&&n.host===r.host&&l.activeElement===s&&(d.top.location.href=t.value))}},d.addEventListener(\"message\",d.wp.receiveEmbedMessage,!1),l.addEventListener(\"DOMContentLoaded\",function(){for(var e,t,s=l.querySelectorAll(\"iframe.wp-embedded-content\"),r=0;r<s.length;r++)(t=(e=s[r]).getAttribute(\"data-secret\"))||(t=Math.random().toString(36).substring(2,12),e.src+=\"#?secret=\"+t,e.setAttribute(\"data-secret\",t)),e.contentWindow.postMessage({message:\"ready\",secret:t},\"*\")},!1)))}(window,document);\n<\/script>\n","description":"KOMPETENCAT E EDUKATOR\u00cbVE DHELEHT\u00cbSUESVE Programi Y fuqizon t\u00eb rinjt\u00eb dhe i p\u00ebrgatit ata t\u00eb merren n\u00eb m\u00ebnyr\u00eb efektive me sfidat gjat\u00eb rritjes. Kjo mund t\u00eb arrihet p\u00ebrmes transformimit t\u00eb q\u00ebndrimeve t\u00eb t\u00eb rinjve, forcimit t\u00eb aft\u00ebsive jet\u00ebsore, avancimit t\u00eb njohurive dhe nivelit t\u00eb vet\u00ebdijesimit, si dhe formimit t\u00eb grupeve pozitive t\u00eb bashk\u00ebmoshatar\u00ebve q\u00eb ndryshojn\u00eb normat [&hellip;]"}